{"id":8,"date":"2021-06-30T18:30:14","date_gmt":"2021-06-30T18:30:14","guid":{"rendered":"https:\/\/www.fotovoltaikasdotaci.cz\/?page_id=8"},"modified":"2021-06-30T18:33:16","modified_gmt":"2021-06-30T18:33:16","slug":"uvod","status":"publish","type":"page","link":"https:\/\/www.fotovoltaikasdotaci.cz\/","title":{"rendered":"\u00davod"},"content":{"rendered":"\t\t<div data-elementor-type=\"wp-page\" data-elementor-id=\"8\" class=\"elementor elementor-8\" data-elementor-post-type=\"page\">\n\t\t\t\t\t\t\t\t\t<section class=\"elementor-section elementor-top-section elementor-element elementor-element-3dd1f692 elementor-section-height-min-height elementor-section-content-middle elementor-section-boxed elementor-section-height-default elementor-section-items-middle\" data-id=\"3dd1f692\" data-element_type=\"section\" data-settings=\"{&quot;background_background&quot;:&quot;classic&quot;,&quot;_ha_eqh_enable&quot;:false}\">\n\t\t\t\t\t\t\t<div class=\"elementor-background-overlay\"><\/div>\n\t\t\t\t\t\t\t<div class=\"elementor-container elementor-column-gap-no\">\n\t\t\t\t\t<div class=\"elementor-column elementor-col-100 elementor-top-column elementor-element elementor-element-491b49a3\" data-id=\"491b49a3\" data-element_type=\"column\">\n\t\t\t<div class=\"elementor-widget-wrap elementor-element-populated\">\n\t\t\t\t\t\t\t\t<div class=\"elementor-element elementor-element-3524e373 elementor-widget elementor-widget-heading\" data-id=\"3524e373\" data-element_type=\"widget\" data-widget_type=\"heading.default\">\n\t\t\t\t<div class=\"elementor-widget-container\">\n\t\t\t<h1 class=\"elementor-heading-title elementor-size-default\">Fotovoltaika na kl\u00ed\u010d<\/h1>\t\t<\/div>\n\t\t\t\t<\/div>\n\t\t\t\t<div class=\"elementor-element elementor-element-249c5d81 elementor-widget elementor-widget-text-editor\" data-id=\"249c5d81\" data-element_type=\"widget\" data-widget_type=\"text-editor.default\">\n\t\t\t\t<div class=\"elementor-widget-container\">\n\t\t\t\t\t\t\t<p>Chcete\u00a0<strong>u\u0161et\u0159it za elekt\u0159inu<\/strong>? Z\u00edskat\u00a0<strong>nez\u00e1vislost na dodavatel\u00edch energie<\/strong>? M\u00edt\u00a0<strong>mo\u017enost z\u00e1lo\u017en\u00edho zdroje<\/strong>\u00a0v\u00a0p\u0159\u00edpad\u011b v\u00fdpadku proudu? Kontaktujte n\u00e1s a my V\u00e1m navrhneme fotovoltaickou elektr\u00e1rnu na kl\u00ed\u010d.<\/p><p><a href=\"https:\/\/teplo-chlad.cz\/fotovoltaika\">Spolupracujeme s firmou Teplo-Chlad.<\/a><\/p>\t\t\t\t\t\t<\/div>\n\t\t\t\t<\/div>\n\t\t\t\t<section class=\"elementor-section elementor-inner-section elementor-element elementor-element-380a5b27 elementor-section-boxed elementor-section-height-default elementor-section-height-default\" data-id=\"380a5b27\" data-element_type=\"section\" data-settings=\"{&quot;_ha_eqh_enable&quot;:false}\">\n\t\t\t\t\t\t<div class=\"elementor-container elementor-column-gap-wider\">\n\t\t\t\t\t<div class=\"elementor-column elementor-col-33 elementor-inner-column elementor-element elementor-element-64ca6f9c\" data-id=\"64ca6f9c\" data-element_type=\"column\">\n\t\t\t<div class=\"elementor-widget-wrap elementor-element-populated\">\n\t\t\t\t\t\t\t\t<div class=\"elementor-element elementor-element-8b9d920 elementor-view-framed elementor-shape-square elementor-position-top elementor-mobile-position-top elementor-widget elementor-widget-icon-box\" data-id=\"8b9d920\" data-element_type=\"widget\" data-widget_type=\"icon-box.default\">\n\t\t\t\t<div class=\"elementor-widget-container\">\n\t\t\t\t\t<div class=\"elementor-icon-box-wrapper\">\n\t\t\t\t\t\t<div class=\"elementor-icon-box-icon\">\n\t\t\t\t<span class=\"elementor-icon elementor-animation-grow\" >\n\t\t\t\t<i class=\"fa fa-star\" aria-hidden=\"true\"><\/i>\t\t\t\t<\/span>\n\t\t\t<\/div>\n\t\t\t\t\t\t<div class=\"elementor-icon-box-content\">\n\t\t\t\t<h2 class=\"elementor-icon-box-title\">\n\t\t\t\t\t<span  >\n\t\t\t\t\t\tSol\u00e1rn\u00ed panely\t\t\t\t\t<\/span>\n\t\t\t\t<\/h2>\n\t\t\t\t\t\t\t\t\t<p class=\"elementor-icon-box-description\">\n\t\t\t\t\t\tV\u0161e vypo\u010d\u00edt\u00e1me, navrhneme a vy\u0159\u00edd\u00edme dotace na fotovoltaickou elektr\u00e1rnu.\t\t\t\t\t<\/p>\n\t\t\t\t\t\t\t<\/div>\n\t\t<\/div>\n\t\t\t\t<\/div>\n\t\t\t\t<\/div>\n\t\t\t\t\t<\/div>\n\t\t<\/div>\n\t\t\t\t<div class=\"elementor-column elementor-col-33 elementor-inner-column elementor-element elementor-element-786bbcaf\" data-id=\"786bbcaf\" data-element_type=\"column\">\n\t\t\t<div class=\"elementor-widget-wrap elementor-element-populated\">\n\t\t\t\t\t\t\t\t<div class=\"elementor-element elementor-element-1566da2c elementor-view-framed elementor-shape-square elementor-position-top elementor-mobile-position-top elementor-widget elementor-widget-icon-box\" data-id=\"1566da2c\" data-element_type=\"widget\" data-widget_type=\"icon-box.default\">\n\t\t\t\t<div class=\"elementor-widget-container\">\n\t\t\t\t\t<div class=\"elementor-icon-box-wrapper\">\n\t\t\t\t\t\t<div class=\"elementor-icon-box-icon\">\n\t\t\t\t<span class=\"elementor-icon elementor-animation-grow\" >\n\t\t\t\t<i class=\"fa fa-star\" aria-hidden=\"true\"><\/i>\t\t\t\t<\/span>\n\t\t\t<\/div>\n\t\t\t\t\t\t<div class=\"elementor-icon-box-content\">\n\t\t\t\t<h2 class=\"elementor-icon-box-title\">\n\t\t\t\t\t<span  >\n\t\t\t\t\t\tOh\u0159ev vody\t\t\t\t\t<\/span>\n\t\t\t\t<\/h2>\n\t\t\t\t\t\t\t\t\t<p class=\"elementor-icon-box-description\">\n\t\t\t\t\t\tNavr\u017eeno pro celoro\u010dn\u00ed provoz, efektivn\u00ed funk\u010dnost a bez p\u0159eh\u0159\u00edv\u00e1n\u00ed v letn\u00edch m\u011bs\u00edc\u00edch.\t\t\t\t\t<\/p>\n\t\t\t\t\t\t\t<\/div>\n\t\t<\/div>\n\t\t\t\t<\/div>\n\t\t\t\t<\/div>\n\t\t\t\t\t<\/div>\n\t\t<\/div>\n\t\t\t\t<div class=\"elementor-column elementor-col-33 elementor-inner-column elementor-element elementor-element-7d0d14a6\" data-id=\"7d0d14a6\" data-element_type=\"column\">\n\t\t\t<div class=\"elementor-widget-wrap elementor-element-populated\">\n\t\t\t\t\t\t\t\t<div class=\"elementor-element elementor-element-5c9bd89c elementor-view-framed elementor-shape-square elementor-position-top elementor-mobile-position-top elementor-widget elementor-widget-icon-box\" data-id=\"5c9bd89c\" data-element_type=\"widget\" data-widget_type=\"icon-box.default\">\n\t\t\t\t<div class=\"elementor-widget-container\">\n\t\t\t\t\t<div class=\"elementor-icon-box-wrapper\">\n\t\t\t\t\t\t<div class=\"elementor-icon-box-icon\">\n\t\t\t\t<span class=\"elementor-icon elementor-animation-grow\" >\n\t\t\t\t<i class=\"fa fa-star\" aria-hidden=\"true\"><\/i>\t\t\t\t<\/span>\n\t\t\t<\/div>\n\t\t\t\t\t\t<div class=\"elementor-icon-box-content\">\n\t\t\t\t<h2 class=\"elementor-icon-box-title\">\n\t\t\t\t\t<span  >\n\t\t\t\t\t\tVy\u0159\u00edzen\u00ed dotac\u00ed\t\t\t\t\t<\/span>\n\t\t\t\t<\/h2>\n\t\t\t\t\t\t\t\t\t<p class=\"elementor-icon-box-description\">\n\t\t\t\t\t\tPom\u016f\u017eeme v\u0161e vypo\u010d\u00edtat, navrhnout a kompletn\u011b vy\u0159\u00eddit dotace na fotovoltaiku.\t\t\t\t\t<\/p>\n\t\t\t\t\t\t\t<\/div>\n\t\t<\/div>\n\t\t\t\t<\/div>\n\t\t\t\t<\/div>\n\t\t\t\t\t<\/div>\n\t\t<\/div>\n\t\t\t\t\t\t\t<\/div>\n\t\t<\/section>\n\t\t\t\t\t<\/div>\n\t\t<\/div>\n\t\t\t\t\t\t\t<\/div>\n\t\t<\/section>\n\t\t\t\t<section class=\"elementor-section elementor-top-section elementor-element elementor-element-11719a56 elementor-section-content-middle elementor-section-boxed elementor-section-height-default elementor-section-height-default\" data-id=\"11719a56\" data-element_type=\"section\" data-settings=\"{&quot;_ha_eqh_enable&quot;:false}\">\n\t\t\t\t\t\t<div class=\"elementor-container elementor-column-gap-no\">\n\t\t\t\t\t<div class=\"elementor-column elementor-col-100 elementor-top-column elementor-element elementor-element-7eb8219f\" data-id=\"7eb8219f\" data-element_type=\"column\">\n\t\t\t<div class=\"elementor-widget-wrap elementor-element-populated\">\n\t\t\t\t\t\t\t\t<div class=\"elementor-element elementor-element-75d2b2b2 elementor-widget elementor-widget-heading\" data-id=\"75d2b2b2\" data-element_type=\"widget\" data-widget_type=\"heading.default\">\n\t\t\t\t<div class=\"elementor-widget-container\">\n\t\t\t<h2 class=\"elementor-heading-title elementor-size-default\">Vyu\u017eit\u00ed fotovoltaiky<\/h2>\t\t<\/div>\n\t\t\t\t<\/div>\n\t\t\t\t<div class=\"elementor-element elementor-element-75595fe8 elementor-widget elementor-widget-text-editor\" data-id=\"75595fe8\" data-element_type=\"widget\" data-widget_type=\"text-editor.default\">\n\t\t\t\t<div class=\"elementor-widget-container\">\n\t\t\t\t\t\t\t<p>Fotovoltaiku lze pou\u017e\u00edvat v\u0161ude, kde je dostate\u010dn\u00fd zdroj sv\u011btla, a\u00a0v\u00a0libovoln\u00e9 velikosti &#8211; od mal\u00e9ho \u010dl\u00e1nku v\u00a0kalkula\u010dce p\u0159es n\u011bkolik panel\u016f na rodinn\u00e9m dom\u011b nebo na vesm\u00edrn\u00e9 dru\u017eici a\u017e po tis\u00edce panel\u016f v\u00a0sol\u00e1rn\u00edch farm\u00e1ch s\u00a0megawattov\u00fdmi v\u00fdkony.<\/p>\t\t\t\t\t\t<\/div>\n\t\t\t\t<\/div>\n\t\t\t\t<section class=\"elementor-section elementor-inner-section elementor-element elementor-element-7a1c835f elementor-section-content-middle elementor-section-boxed elementor-section-height-default elementor-section-height-default\" data-id=\"7a1c835f\" data-element_type=\"section\" data-settings=\"{&quot;_ha_eqh_enable&quot;:false}\">\n\t\t\t\t\t\t<div class=\"elementor-container elementor-column-gap-no\">\n\t\t\t\t\t<div class=\"elementor-column elementor-col-33 elementor-inner-column elementor-element elementor-element-7fa42b6c\" data-id=\"7fa42b6c\" data-element_type=\"column\">\n\t\t\t<div class=\"elementor-widget-wrap elementor-element-populated\">\n\t\t\t\t\t\t\t\t<div class=\"elementor-element elementor-element-3807861b elementor-widget elementor-widget-heading\" data-id=\"3807861b\" data-element_type=\"widget\" data-widget_type=\"heading.default\">\n\t\t\t\t<div class=\"elementor-widget-container\">\n\t\t\t<h3 class=\"elementor-heading-title elementor-size-default\">Co je fotovoltaick\u00e1 elektr\u00e1rna?<\/h3>\t\t<\/div>\n\t\t\t\t<\/div>\n\t\t\t\t<div class=\"elementor-element elementor-element-248efd44 elementor-widget elementor-widget-text-editor\" data-id=\"248efd44\" data-element_type=\"widget\" data-widget_type=\"text-editor.default\">\n\t\t\t\t<div class=\"elementor-widget-container\">\n\t\t\t\t\t\t\t<p>Fotovoltaick\u00e1 nebo t\u00e9\u017e sol\u00e1rn\u00ed elektr\u00e1rna vyr\u00e1b\u00ed elekt\u0159inu ze slune\u010dn\u00edho z\u00e1\u0159en\u00ed. Jedn\u00e1 se o obnoviteln\u00fd a nevy\u010derpateln\u00fd zdroj energie, kter\u00fd k v\u00fdrob\u011b elekt\u0159iny nepot\u0159ebuje \u017e\u00e1dn\u00e9 palivo.<\/p>\t\t\t\t\t\t<\/div>\n\t\t\t\t<\/div>\n\t\t\t\t\t<\/div>\n\t\t<\/div>\n\t\t\t\t<div class=\"elementor-column elementor-col-33 elementor-inner-column elementor-element elementor-element-4eeb2efb\" data-id=\"4eeb2efb\" data-element_type=\"column\">\n\t\t\t<div class=\"elementor-widget-wrap elementor-element-populated\">\n\t\t\t\t\t\t\t\t<div class=\"elementor-element elementor-element-77331495 elementor-widget elementor-widget-heading\" data-id=\"77331495\" data-element_type=\"widget\" data-widget_type=\"heading.default\">\n\t\t\t\t<div class=\"elementor-widget-container\">\n\t\t\t<h3 class=\"elementor-heading-title elementor-size-default\">Nez\u00e1vislost<\/h3>\t\t<\/div>\n\t\t\t\t<\/div>\n\t\t\t\t<div class=\"elementor-element elementor-element-2acf6de4 elementor-widget elementor-widget-text-editor\" data-id=\"2acf6de4\" data-element_type=\"widget\" data-widget_type=\"text-editor.default\">\n\t\t\t\t<div class=\"elementor-widget-container\">\n\t\t\t\t\t\t\t<p>Po\u0159\u00edzen\u00edm vlastn\u00edho zdroje se zvy\u0161uje va\u0161e nez\u00e1vislost na dod\u00e1vk\u00e1ch elekt\u0159iny ze s\u00edt\u011b a dal\u0161\u00edch souvisej\u00edc\u00edch v\u011bcech \u2013 tj. na cen\u00e1ch elekt\u0159iny, podm\u00ednk\u00e1ch p\u0159ipojen\u00ed nebo v\u00fdpadc\u00edch s\u00edt\u011b. \u010c\u00edm v\u011bt\u0161\u00ed elektr\u00e1rna, t\u00edm v\u011bt\u0161\u00ed m\u00edra energetick\u00e9 a ekonomick\u00e9 nez\u00e1vislosti.<\/p>\t\t\t\t\t\t<\/div>\n\t\t\t\t<\/div>\n\t\t\t\t\t<\/div>\n\t\t<\/div>\n\t\t\t\t<div class=\"elementor-column elementor-col-33 elementor-inner-column elementor-element elementor-element-76eea3c1\" data-id=\"76eea3c1\" data-element_type=\"column\">\n\t\t\t<div class=\"elementor-widget-wrap elementor-element-populated\">\n\t\t\t\t\t\t\t\t<div class=\"elementor-element elementor-element-7095a9ea elementor-widget elementor-widget-heading\" data-id=\"7095a9ea\" data-element_type=\"widget\" data-widget_type=\"heading.default\">\n\t\t\t\t<div class=\"elementor-widget-container\">\n\t\t\t<h3 class=\"elementor-heading-title elementor-size-default\">Ekologie<\/h3>\t\t<\/div>\n\t\t\t\t<\/div>\n\t\t\t\t<div class=\"elementor-element elementor-element-49c7da30 elementor-widget elementor-widget-text-editor\" data-id=\"49c7da30\" data-element_type=\"widget\" data-widget_type=\"text-editor.default\">\n\t\t\t\t<div class=\"elementor-widget-container\">\n\t\t\t\t\t\t\t<p>Vyu\u017e\u00edv\u00e1n\u00edm elekt\u0159iny z\u00a0fotovoltaiky \u0161et\u0159\u00edte \u017eivotn\u00ed prost\u0159ed\u00ed. Elekt\u0159ina, kterou si vyrob\u00edte na vlastn\u00ed st\u0159e\u0161e ze slunce, je 100%\u00a0\u010dist\u00e1 a t\u011b\u017eko z\u00edsk\u00e1te jinou, kter\u00e1 bude v\u00edce ekologick\u00e1. Nemuselo se kv\u016fli n\u00ed vyt\u011b\u017eit a sp\u00e1lit \u017e\u00e1dn\u00e9 palivo, nevznikly kv\u016fli n\u00ed \u017e\u00e1dn\u00e9 emise ani jin\u00fd odpad, ani se \u010d\u00e1st elekt\u0159iny neztratila p\u0159i p\u0159enosu na dlouho vzd\u00e1lenost.<\/p>\t\t\t\t\t\t<\/div>\n\t\t\t\t<\/div>\n\t\t\t\t\t<\/div>\n\t\t<\/div>\n\t\t\t\t\t\t\t<\/div>\n\t\t<\/section>\n\t\t\t\t\t<\/div>\n\t\t<\/div>\n\t\t\t\t\t\t\t<\/div>\n\t\t<\/section>\n\t\t\t\t<section class=\"elementor-section elementor-top-section elementor-element elementor-element-69cb1d22 elementor-section-content-middle elementor-section-boxed elementor-section-height-default elementor-section-height-default\" data-id=\"69cb1d22\" data-element_type=\"section\" data-settings=\"{&quot;_ha_eqh_enable&quot;:false}\">\n\t\t\t\t\t\t<div class=\"elementor-container elementor-column-gap-no\">\n\t\t\t\t\t<div class=\"elementor-column elementor-col-50 elementor-top-column elementor-element elementor-element-77e3c791\" data-id=\"77e3c791\" data-element_type=\"column\">\n\t\t\t<div class=\"elementor-widget-wrap elementor-element-populated\">\n\t\t\t\t\t\t\t\t<div class=\"elementor-element elementor-element-19c8ce47 elementor-widget elementor-widget-image\" data-id=\"19c8ce47\" data-element_type=\"widget\" data-widget_type=\"image.default\">\n\t\t\t\t<div class=\"elementor-widget-container\">\n\t\t\t\t\t\t\t\t\t\t\t\t\t\t\t<img decoding=\"async\" loading=\"lazy\" width=\"639\" height=\"396\" src=\"https:\/\/www.fotovoltaikasdotaci.cz\/wp-content\/uploads\/2021\/06\/nazrin-b-va-iKjAj_oq-IE-unsplash-e1622697439896.jpg\" class=\"attachment-full size-full wp-image-13\" alt=\"\" srcset=\"https:\/\/www.fotovoltaikasdotaci.cz\/wp-content\/uploads\/2021\/06\/nazrin-b-va-iKjAj_oq-IE-unsplash-e1622697439896.jpg 639w, https:\/\/www.fotovoltaikasdotaci.cz\/wp-content\/uploads\/2021\/06\/nazrin-b-va-iKjAj_oq-IE-unsplash-e1622697439896-300x186.jpg 300w\" sizes=\"(max-width: 639px) 100vw, 639px\" \/>\t\t\t\t\t\t\t\t\t\t\t\t\t\t\t<\/div>\n\t\t\t\t<\/div>\n\t\t\t\t\t<\/div>\n\t\t<\/div>\n\t\t\t\t<div class=\"elementor-column elementor-col-50 elementor-top-column elementor-element elementor-element-22463359\" data-id=\"22463359\" data-element_type=\"column\">\n\t\t\t<div class=\"elementor-widget-wrap elementor-element-populated\">\n\t\t\t\t\t\t\t\t<div class=\"elementor-element elementor-element-6db8af80 elementor-widget elementor-widget-heading\" data-id=\"6db8af80\" data-element_type=\"widget\" data-widget_type=\"heading.default\">\n\t\t\t\t<div class=\"elementor-widget-container\">\n\t\t\t<h2 class=\"elementor-heading-title elementor-size-default\">Vyu\u017eijte energii z fotovoltaiky v dom\u011b<\/h2>\t\t<\/div>\n\t\t\t\t<\/div>\n\t\t\t\t<div class=\"elementor-element elementor-element-15c09bc1 elementor-widget elementor-widget-text-editor\" data-id=\"15c09bc1\" data-element_type=\"widget\" data-widget_type=\"text-editor.default\">\n\t\t\t\t<div class=\"elementor-widget-container\">\n\t\t\t\t\t\t\t<p>Fotovoltaick\u00e1 elektr\u00e1rna na st\u0159e\u0161e domu je\u00a0velk\u00e1 investice\u00a0a\u00a0my v\u00e1m r\u00e1di vysv\u011btl\u00edme, pro\u010d je z\u00e1rove\u0148 i\u00a0v\u00fdhodn\u00e1. Pod\u00edvejte se s\u00a0n\u00e1mi na\u00a0<strong>p\u0159ehled vyu\u017eit\u00ed energie<\/strong>, kterou si sami vyrob\u00edte. Jen v\u00a0dom\u011b samotn\u00e9m je mo\u017en\u00e9 nap\u00e1jet n\u011bkolik syst\u00e9m\u016f na elekt\u0159inu. Ceny elekt\u0159iny v\u00a0dal\u0161\u00edch letech porostou. Vy si m\u016f\u017eete za\u010d\u00edt \u010d\u00e1st energie vyr\u00e1b\u011bt sami, a\u00a0t\u00edm se zdra\u017eov\u00e1n\u00ed vyhnout.\u00a0<strong>Fotovoltaick\u00e9 panely jsou nav\u00edc st\u00e1le \u00fa\u010dinn\u011bj\u0161\u00ed<\/strong>\u00a0a\u00a0z\u00e1rove\u0148\u00a0levn\u011bj\u0161\u00ed.<\/p>\t\t\t\t\t\t<\/div>\n\t\t\t\t<\/div>\n\t\t\t\t\t<\/div>\n\t\t<\/div>\n\t\t\t\t\t\t\t<\/div>\n\t\t<\/section>\n\t\t\t\t<section class=\"elementor-section elementor-top-section elementor-element elementor-element-35925597 elementor-section-content-middle elementor-section-boxed elementor-section-height-default elementor-section-height-default\" data-id=\"35925597\" data-element_type=\"section\" data-settings=\"{&quot;_ha_eqh_enable&quot;:false}\">\n\t\t\t\t\t\t<div class=\"elementor-container elementor-column-gap-no\">\n\t\t\t\t\t<div class=\"elementor-column elementor-col-100 elementor-top-column elementor-element elementor-element-508f6028\" data-id=\"508f6028\" data-element_type=\"column\">\n\t\t\t<div class=\"elementor-widget-wrap elementor-element-populated\">\n\t\t\t\t\t\t\t\t<div class=\"elementor-element elementor-element-4af74cfb elementor-widget elementor-widget-heading\" data-id=\"4af74cfb\" data-element_type=\"widget\" data-widget_type=\"heading.default\">\n\t\t\t\t<div class=\"elementor-widget-container\">\n\t\t\t<h2 class=\"elementor-heading-title elementor-size-default\">NEJ\u010cAST\u011aJ\u0160\u00cd DOTAZY K FOTOVOLTAICE\n<\/h2>\t\t<\/div>\n\t\t\t\t<\/div>\n\t\t\t\t<section class=\"elementor-section elementor-inner-section elementor-element elementor-element-786615e5 elementor-section-content-middle elementor-section-boxed elementor-section-height-default elementor-section-height-default\" data-id=\"786615e5\" data-element_type=\"section\" data-settings=\"{&quot;_ha_eqh_enable&quot;:false}\">\n\t\t\t\t\t\t<div class=\"elementor-container elementor-column-gap-no\">\n\t\t\t\t\t<div class=\"elementor-column elementor-col-50 elementor-inner-column elementor-element elementor-element-7966b721\" data-id=\"7966b721\" data-element_type=\"column\">\n\t\t\t<div class=\"elementor-widget-wrap elementor-element-populated\">\n\t\t\t\t\t\t\t\t<div class=\"elementor-element elementor-element-7ea56bc4 elementor-widget elementor-widget-heading\" data-id=\"7ea56bc4\" data-element_type=\"widget\" data-widget_type=\"heading.default\">\n\t\t\t\t<div class=\"elementor-widget-container\">\n\t\t\t<h3 class=\"elementor-heading-title elementor-size-default\">Pro koho je vhodn\u00e1 fotovoltaick\u00e1 elektr\u00e1rna?<\/h3>\t\t<\/div>\n\t\t\t\t<\/div>\n\t\t\t\t<div class=\"elementor-element elementor-element-69090e0f elementor-widget elementor-widget-text-editor\" data-id=\"69090e0f\" data-element_type=\"widget\" data-widget_type=\"text-editor.default\">\n\t\t\t\t<div class=\"elementor-widget-container\">\n\t\t\t\t\t\t\t<p>Pro ka\u017ed\u00e9ho, kdo ve fotovoltaice vid\u00ed p\u0159\u00ednos pro p\u0159\u00edrodu, pro sebe a pro svou pen\u011b\u017eenku.<\/p>\t\t\t\t\t\t<\/div>\n\t\t\t\t<\/div>\n\t\t\t\t\t<\/div>\n\t\t<\/div>\n\t\t\t\t<div class=\"elementor-column elementor-col-50 elementor-inner-column elementor-element elementor-element-16276d11\" data-id=\"16276d11\" data-element_type=\"column\">\n\t\t\t<div class=\"elementor-widget-wrap elementor-element-populated\">\n\t\t\t\t\t\t\t\t<div class=\"elementor-element elementor-element-56cf2b49 elementor-widget elementor-widget-heading\" data-id=\"56cf2b49\" data-element_type=\"widget\" data-widget_type=\"heading.default\">\n\t\t\t\t<div class=\"elementor-widget-container\">\n\t\t\t<h3 class=\"elementor-heading-title elementor-size-default\">Jak\u00e1 je cena fotovoltaiky?<\/h3>\t\t<\/div>\n\t\t\t\t<\/div>\n\t\t\t\t<div class=\"elementor-element elementor-element-64782786 elementor-widget elementor-widget-text-editor\" data-id=\"64782786\" data-element_type=\"widget\" data-widget_type=\"text-editor.default\">\n\t\t\t\t<div class=\"elementor-widget-container\">\n\t\t\t\t\t\t\t<p>To z\u00e1le\u017e\u00ed na instalovan\u00e9m v\u00fdkonu a na tom, kam sm\u011brujeme p\u0159ebytky. Zda na oh\u0159ev tepl\u00e9 vody v\u00a0bojleru nebo do bateriov\u00e9ho \u00falo\u017ei\u0161t\u011b. Nejlevn\u011bj\u0161\u00ed fotovoltaiku lze po\u0159\u00eddit u\u017e za 60.000 K\u010d, pokud se vy\u0159\u00edd\u00ed dotace.<\/p>\t\t\t\t\t\t<\/div>\n\t\t\t\t<\/div>\n\t\t\t\t\t<\/div>\n\t\t<\/div>\n\t\t\t\t\t\t\t<\/div>\n\t\t<\/section>\n\t\t\t\t<section class=\"elementor-section elementor-inner-section elementor-element elementor-element-51d5fea5 elementor-section-content-middle elementor-section-boxed elementor-section-height-default elementor-section-height-default\" data-id=\"51d5fea5\" data-element_type=\"section\" data-settings=\"{&quot;_ha_eqh_enable&quot;:false}\">\n\t\t\t\t\t\t<div class=\"elementor-container elementor-column-gap-no\">\n\t\t\t\t\t<div class=\"elementor-column elementor-col-50 elementor-inner-column elementor-element elementor-element-4902cb77\" data-id=\"4902cb77\" data-element_type=\"column\">\n\t\t\t<div class=\"elementor-widget-wrap elementor-element-populated\">\n\t\t\t\t\t\t\t\t<div class=\"elementor-element elementor-element-176766dc elementor-widget elementor-widget-heading\" data-id=\"176766dc\" data-element_type=\"widget\" data-widget_type=\"heading.default\">\n\t\t\t\t<div class=\"elementor-widget-container\">\n\t\t\t<h3 class=\"elementor-heading-title elementor-size-default\">Jak\u00e1 je v\u00fd\u0161e dotace na fotovoltaiku?<\/h3>\t\t<\/div>\n\t\t\t\t<\/div>\n\t\t\t\t<div class=\"elementor-element elementor-element-5d62af6e elementor-widget elementor-widget-text-editor\" data-id=\"5d62af6e\" data-element_type=\"widget\" data-widget_type=\"text-editor.default\">\n\t\t\t\t<div class=\"elementor-widget-container\">\n\t\t\t\t\t\t\t<p>Dotace za fotovoltaickou elektr\u00e1rnu se pohybuje ve v\u00fd\u0161i max. 50% uznateln\u00fdch n\u00e1klad\u016f. Nicm\u00e9n\u011b rozhoduj\u00edc\u00ed je typ elektr\u00e1rny. U elektr\u00e1rny s p\u0159ebytky do vody m\u016f\u017eete z\u00edskat max. 60000,- K\u010d a u elektr\u00e1rny s bateriov\u00fdm \u00falo\u017ei\u0161t\u011bm m\u016f\u017eete z\u00edskat max. 155.000,- K\u010d.\u00a0<\/p>\t\t\t\t\t\t<\/div>\n\t\t\t\t<\/div>\n\t\t\t\t\t<\/div>\n\t\t<\/div>\n\t\t\t\t<div class=\"elementor-column elementor-col-50 elementor-inner-column elementor-element elementor-element-3bd7e52d\" data-id=\"3bd7e52d\" data-element_type=\"column\">\n\t\t\t<div class=\"elementor-widget-wrap elementor-element-populated\">\n\t\t\t\t\t\t\t\t<div class=\"elementor-element elementor-element-1034432f elementor-widget elementor-widget-heading\" data-id=\"1034432f\" data-element_type=\"widget\" data-widget_type=\"heading.default\">\n\t\t\t\t<div class=\"elementor-widget-container\">\n\t\t\t<h3 class=\"elementor-heading-title elementor-size-default\">Jak\u00fd je rozd\u00edl mezi fotovoltaickou a sol\u00e1rn\u00ed elektr\u00e1rnou?<\/h3>\t\t<\/div>\n\t\t\t\t<\/div>\n\t\t\t\t<div class=\"elementor-element elementor-element-7189a2be elementor-widget elementor-widget-text-editor\" data-id=\"7189a2be\" data-element_type=\"widget\" data-widget_type=\"text-editor.default\">\n\t\t\t\t<div class=\"elementor-widget-container\">\n\t\t\t\t\t\t\t<p>V podstat\u011b \u017e\u00e1dn\u00fd. Fotovoltaick\u00e9 elektr\u00e1rn\u011b se \u010dasto \u0159\u00edk\u00e1 sol\u00e1rn\u00ed elektr\u00e1rna. N\u011bkdy dokonce i slune\u010dn\u00ed.<\/p>\t\t\t\t\t\t<\/div>\n\t\t\t\t<\/div>\n\t\t\t\t\t<\/div>\n\t\t<\/div>\n\t\t\t\t\t\t\t<\/div>\n\t\t<\/section>\n\t\t\t\t<section class=\"elementor-section elementor-inner-section elementor-element elementor-element-26b34ca8 elementor-section-content-middle elementor-section-boxed elementor-section-height-default elementor-section-height-default\" data-id=\"26b34ca8\" data-element_type=\"section\" data-settings=\"{&quot;_ha_eqh_enable&quot;:false}\">\n\t\t\t\t\t\t<div class=\"elementor-container elementor-column-gap-no\">\n\t\t\t\t\t<div class=\"elementor-column elementor-col-50 elementor-inner-column elementor-element elementor-element-4cbf637\" data-id=\"4cbf637\" data-element_type=\"column\">\n\t\t\t<div class=\"elementor-widget-wrap elementor-element-populated\">\n\t\t\t\t\t\t\t\t<div class=\"elementor-element elementor-element-64d0aa8 elementor-widget elementor-widget-heading\" data-id=\"64d0aa8\" data-element_type=\"widget\" data-widget_type=\"heading.default\">\n\t\t\t\t<div class=\"elementor-widget-container\">\n\t\t\t<h3 class=\"elementor-heading-title elementor-size-default\">Je n\u011bjak\u00fd rozd\u00edl mezi fotovoltaick\u00fdm, sol\u00e1rn\u00edm a slune\u010dn\u00edm panelem?<\/h3>\t\t<\/div>\n\t\t\t\t<\/div>\n\t\t\t\t<div class=\"elementor-element elementor-element-2af379b3 elementor-widget elementor-widget-text-editor\" data-id=\"2af379b3\" data-element_type=\"widget\" data-widget_type=\"text-editor.default\">\n\t\t\t\t<div class=\"elementor-widget-container\">\n\t\t\t\t\t\t\t<p>Nen\u00ed. Jeden panel, v\u00edce pojmenov\u00e1n\u00ed. \u010casto doch\u00e1z\u00ed k z\u00e1m\u011bn\u011b slova sol\u00e1rn\u00ed, slune\u010dn\u00ed a fotovoltaick\u00fd.<\/p>\t\t\t\t\t\t<\/div>\n\t\t\t\t<\/div>\n\t\t\t\t\t<\/div>\n\t\t<\/div>\n\t\t\t\t<div class=\"elementor-column elementor-col-50 elementor-inner-column elementor-element elementor-element-63c81c5d\" data-id=\"63c81c5d\" data-element_type=\"column\">\n\t\t\t<div class=\"elementor-widget-wrap elementor-element-populated\">\n\t\t\t\t\t\t\t\t<div class=\"elementor-element elementor-element-2f11efa7 elementor-widget elementor-widget-heading\" data-id=\"2f11efa7\" data-element_type=\"widget\" data-widget_type=\"heading.default\">\n\t\t\t\t<div class=\"elementor-widget-container\">\n\t\t\t<h3 class=\"elementor-heading-title elementor-size-default\">Bude mi sta\u010dit vyroben\u00e1 elekt\u0159ina na vlastn\u00ed spot\u0159ebu? <\/h3>\t\t<\/div>\n\t\t\t\t<\/div>\n\t\t\t\t<div class=\"elementor-element elementor-element-3dad6b53 elementor-widget elementor-widget-text-editor\" data-id=\"3dad6b53\" data-element_type=\"widget\" data-widget_type=\"text-editor.default\">\n\t\t\t\t<div class=\"elementor-widget-container\">\n\t\t\t\t\t\t\t<p>To z\u00e1le\u017e\u00ed na \u017eivot\u011b v dom\u011b. Pokud m\u00e1te obvykl\u00e9 spot\u0159ebi\u010de, od jara do podzimu v\u011bt\u0161inou m\u016f\u017eete b\u00fdt sob\u011bsta\u010dn\u00ed.<\/p>\t\t\t\t\t\t<\/div>\n\t\t\t\t<\/div>\n\t\t\t\t\t<\/div>\n\t\t<\/div>\n\t\t\t\t\t\t\t<\/div>\n\t\t<\/section>\n\t\t\t\t\t<\/div>\n\t\t<\/div>\n\t\t\t\t\t\t\t<\/div>\n\t\t<\/section>\n\t\t\t\t<section class=\"elementor-section elementor-top-section elementor-element elementor-element-37c5c681 elementor-section-content-middle elementor-section-boxed elementor-section-height-default elementor-section-height-default\" data-id=\"37c5c681\" data-element_type=\"section\" data-settings=\"{&quot;background_background&quot;:&quot;classic&quot;,&quot;_ha_eqh_enable&quot;:false}\">\n\t\t\t\t\t\t\t<div class=\"elementor-background-overlay\"><\/div>\n\t\t\t\t\t\t\t<div class=\"elementor-container elementor-column-gap-no\">\n\t\t\t\t\t<div class=\"elementor-column elementor-col-100 elementor-top-column elementor-element elementor-element-114b19e6\" data-id=\"114b19e6\" data-element_type=\"column\">\n\t\t\t<div class=\"elementor-widget-wrap elementor-element-populated\">\n\t\t\t\t\t\t\t\t<div class=\"elementor-element elementor-element-bceb8b5 elementor-widget elementor-widget-heading\" data-id=\"bceb8b5\" data-element_type=\"widget\" data-widget_type=\"heading.default\">\n\t\t\t\t<div class=\"elementor-widget-container\">\n\t\t\t<h2 class=\"elementor-heading-title elementor-size-default\">M\u00e1te z\u00e1jem o fotovoltaick\u00e9 panely?<\/h2>\t\t<\/div>\n\t\t\t\t<\/div>\n\t\t\t\t<div class=\"elementor-element elementor-element-344d02e2 elementor-align-center elementor-widget elementor-widget-button\" data-id=\"344d02e2\" data-element_type=\"widget\" data-widget_type=\"button.default\">\n\t\t\t\t<div class=\"elementor-widget-container\">\n\t\t\t\t\t<div class=\"elementor-button-wrapper\">\n\t\t\t<a class=\"elementor-button elementor-button-link elementor-size-sm elementor-animation-grow\" href=\"https:\/\/www.teplo-chlad.cz\/fotovoltaika\">\n\t\t\t\t\t\t<span class=\"elementor-button-content-wrapper\">\n\t\t\t\t\t\t<span class=\"elementor-button-text\">Kontaktujte n\u00e1s<\/span>\n\t\t<\/span>\n\t\t\t\t\t<\/a>\n\t\t<\/div>\n\t\t\t\t<\/div>\n\t\t\t\t<\/div>\n\t\t\t\t\t<\/div>\n\t\t<\/div>\n\t\t\t\t\t\t\t<\/div>\n\t\t<\/section>\n\t\t\t\t\t\t\t<\/div>\n\t\t","protected":false},"excerpt":{"rendered":"<p>Fotovoltaika na kl\u00ed\u010d Chcete\u00a0u\u0161et\u0159it za elekt\u0159inu? Z\u00edskat\u00a0nez\u00e1vislost na dodavatel\u00edch energie? M\u00edt\u00a0mo\u017enost z\u00e1lo\u017en\u00edho zdroje\u00a0v\u00a0p\u0159\u00edpad\u011b v\u00fdpadku proudu? Kontaktujte n\u00e1s a my V\u00e1m navrhneme fotovoltaickou elektr\u00e1rnu na kl\u00ed\u010d. Spolupracujeme s firmou Teplo-Chlad. Sol\u00e1rn\u00ed panely V\u0161e vypo\u010d\u00edt\u00e1me, navrhneme a vy\u0159\u00edd\u00edme dotace na fotovoltaickou elektr\u00e1rnu. Oh\u0159ev vody Navr\u017eeno pro celoro\u010dn\u00ed provoz, efektivn\u00ed funk\u010dnost a bez p\u0159eh\u0159\u00edv\u00e1n\u00ed v letn\u00edch m\u011bs\u00edc\u00edch. Vy\u0159\u00edzen\u00ed [&hellip;]<\/p>\n","protected":false},"author":1,"featured_media":0,"parent":0,"menu_order":0,"comment_status":"closed","ping_status":"closed","template":"elementor_canvas","meta":{"footnotes":""},"_links":{"self":[{"href":"https:\/\/www.fotovoltaikasdotaci.cz\/index.php\/wp-json\/wp\/v2\/pages\/8"}],"collection":[{"href":"https:\/\/www.fotovoltaikasdotaci.cz\/index.php\/wp-json\/wp\/v2\/pages"}],"about":[{"href":"https:\/\/www.fotovoltaikasdotaci.cz\/index.php\/wp-json\/wp\/v2\/types\/page"}],"author":[{"embeddable":true,"href":"https:\/\/www.fotovoltaikasdotaci.cz\/index.php\/wp-json\/wp\/v2\/users\/1"}],"replies":[{"embeddable":true,"href":"https:\/\/www.fotovoltaikasdotaci.cz\/index.php\/wp-json\/wp\/v2\/comments?post=8"}],"version-history":[{"count":4,"href":"https:\/\/www.fotovoltaikasdotaci.cz\/index.php\/wp-json\/wp\/v2\/pages\/8\/revisions"}],"predecessor-version":[{"id":20,"href":"https:\/\/www.fotovoltaikasdotaci.cz\/index.php\/wp-json\/wp\/v2\/pages\/8\/revisions\/20"}],"wp:attachment":[{"href":"https:\/\/www.fotovoltaikasdotaci.cz\/index.php\/wp-json\/wp\/v2\/media?parent=8"}],"curies":[{"name":"wp","href":"https:\/\/api.w.org\/{rel}","templated":true}]}}